{"id":108,"date":"2014-04-01T14:08:04","date_gmt":"2014-04-01T14:08:04","guid":{"rendered":"http:\/\/showroom.nu\/almnas\/?page_id=108"},"modified":"2025-05-02T16:21:37","modified_gmt":"2025-05-02T14:21:37","slug":"almnas-bruk","status":"publish","type":"page","link":"https:\/\/www.almnas.com\/de\/almnas-bruk","title":{"rendered":"Almn\u00e4s Bruk"},"content":{"rendered":"<p><\/p>\n<h1>Almn\u00e4s Bruk<\/h1>\n<h3>Almn\u00e4s \u00e4r en mycket gammal g\u00e5rd med r\u00f6tter i medeltiden. G\u00e5rden n\u00e4mns f\u00f6r f\u00f6rsta g\u00e5ngen i ett p\u00e4rmebrev till den \u00c4ldre V\u00e4stg\u00f6talagen daterat den 14 augusti 1225. D\u00e4r beskrivs hur munkarna i Alvastra kloster tr\u00e4ffade h\u00e4radsh\u00f6vdingen och lagm\u00e4nnen i V\u00e4sterg\u00f6tland f\u00f6r att staka ut gr\u00e4nserna f\u00f6r en del av det som sedan kom att bli Almn\u00e4s.<\/h3>\n<p>Fr\u00e5n medeltiden och fram till 1527 tillh\u00f6rde Almn\u00e4s allts\u00e5 Alvastra kloster. 1527 genomdrev Gustav Vasa reformationen och Almn\u00e4s kom att tillh\u00f6ra Kronan till 1587 d\u00e5 Margareta Axelsdotter Natt och Dag genom byte med Johan III sammanf\u00f6rde 12 hemman som i allt v\u00e4sentligt \u00e4r Almn\u00e4s av idag.<\/p>\n<p>Under \u00e5rhundradena har en rad adels\u00e4tter \u00e4gt Almn\u00e4s bland vilka de f\u00f6r g\u00e5rden mest betydelsefulla kan n\u00e4mnas Sparre, Posse, Stackelberg och Dickson. Sedan 1916 \u00e4gs Almn\u00e4s av familjen Berglund.<\/p>\n<p>Huvudbyggnaden uppf\u00f6rdes av Wolther Reinhold Stackelberg sannolikt fr\u00e5n 1766 och ett antal \u00e5r fram\u00e5t. P\u00e5 Almn\u00e4s finns ocks\u00e5 en rad andra kulturbyggnader i form av ekonomibyggnader och bost\u00e4der, uppf\u00f6rda under 1700- och 1800-tal<\/p>\n<p>Almn\u00e4s totala ar\u00e9al \u00e4r 3 581 hektar, varav 1 985 skog, 1031 hektar \u00e5ker och beten, 250 hektar \u00f6vrig mark samt 315 hektar vatten. Hela jordbruket \u00e4r KRAV-certifierat och\u00a0skogsbruket \u00e4r certifierat enligt FSC\u00ae( FSC-C089427) samt PEFC\u00ae(PEFC\/05-32-7\/V535). Vi har ca 500 n\u00f6tkreatur varav 180 mj\u00f6lkkor och resten ungdjur. Hj\u00e4rtligt v\u00e4lkomna!<\/p>","protected":false},"excerpt":{"rendered":"<p>Almn\u00e4s Bruk Almn\u00e4s \u00e4r en mycket gammal g\u00e5rd med r\u00f6tter i medeltiden. G\u00e5rden n\u00e4mns f\u00f6r f\u00f6rsta g\u00e5ngen i ett p\u00e4rmebrev [&hellip;]<\/p>\n","protected":false},"author":1,"featured_media":0,"parent":0,"menu_order":71,"comment_status":"closed","ping_status":"open","template":"","meta":[],"_links":{"self":[{"href":"https:\/\/www.almnas.com\/de\/wp-json\/wp\/v2\/pages\/108"}],"collection":[{"href":"https:\/\/www.almnas.com\/de\/wp-json\/wp\/v2\/pages"}],"about":[{"href":"https:\/\/www.almnas.com\/de\/wp-json\/wp\/v2\/types\/page"}],"author":[{"embeddable":true,"href":"https:\/\/www.almnas.com\/de\/wp-json\/wp\/v2\/users\/1"}],"replies":[{"embeddable":true,"href":"https:\/\/www.almnas.com\/de\/wp-json\/wp\/v2\/comments?post=108"}],"version-history":[{"count":18,"href":"https:\/\/www.almnas.com\/de\/wp-json\/wp\/v2\/pages\/108\/revisions"}],"predecessor-version":[{"id":1991,"href":"https:\/\/www.almnas.com\/de\/wp-json\/wp\/v2\/pages\/108\/revisions\/1991"}],"wp:attachment":[{"href":"https:\/\/www.almnas.com\/de\/wp-json\/wp\/v2\/media?parent=108"}],"curies":[{"name":"wp","href":"https:\/\/api.w.org\/{rel}","templated":true}]}}